{"id":1018,"date":"2020-02-03T11:44:58","date_gmt":"2020-02-03T11:44:58","guid":{"rendered":"https:\/\/wp.deldindesign.de\/?page_id=1018"},"modified":"2020-02-11T11:37:54","modified_gmt":"2020-02-11T11:37:54","slug":"datenschutz","status":"publish","type":"page","link":"https:\/\/deldindesign.de\/index.php\/datenschutz\/","title":{"rendered":"Datenschutz"},"content":{"rendered":"\t\t<div data-elementor-type=\"wp-page\" data-elementor-id=\"1018\" class=\"elementor elementor-1018\">\n\t\t\t\t\t\t<section class=\"elementor-section elementor-top-section elementor-element elementor-element-51097031 elementor-section-full_width elementor-section-height-default elementor-section-height-default\" data-id=\"51097031\" data-element_type=\"section\" data-e-type=\"section\">\n\t\t\t\t\t\t<div class=\"elementor-container elementor-column-gap-wide\">\n\t\t\t\t\t<div class=\"elementor-column elementor-col-100 elementor-top-column elementor-element elementor-element-1227b9f7\" data-id=\"1227b9f7\" data-element_type=\"column\" data-e-type=\"column\">\n\t\t\t<div class=\"elementor-widget-wrap elementor-element-populated\">\n\t\t\t\t\t\t<div class=\"elementor-element elementor-element-5b921c4d elementor-widget elementor-widget-text-editor\" data-id=\"5b921c4d\" data-element_type=\"widget\" data-e-type=\"widget\" data-widget_type=\"text-editor.default\">\n\t\t\t\t<div class=\"elementor-widget-container\">\n\t\t\t\t\t\t\t\t\t<hr \/><h6><span style=\"color: #333333;\"><strong>DATENSCHUTZERKL\u00c4RUNG<br \/><\/strong><\/span><span style=\"color: #333333;\">Verantwortliche Stelle im Sinne der Datenschutzgesetze, insbesondere der EU-Datenschutzgrundverordnung (DSGVO), ist:<\/span><br \/><span style=\"color: #333333;\">Susanne Del Din<\/span><\/h6><h6><span style=\"color: #333333;\"><strong>IHRE BETROFFENENRECHTE<\/strong><\/span><br \/><span style=\"color: #333333;\">Unter den angegebenen Kontaktdaten unseres Datenschutzbeauftragten k\u00f6nnen Sie jederzeit folgende Rechte aus\u00fcben:<\/span><\/h6><ul><li><h6><span style=\"color: #333333;\">Auskunft \u00fcber Ihre bei uns gespeicherten Daten und deren Verarbeitung,<\/span><\/h6><\/li><li><h6><span style=\"color: #333333;\">Berichtigung unrichtiger personenbezogener Daten,<\/span><\/h6><\/li><li><h6><span style=\"color: #333333;\">L\u00f6schung Ihrer bei uns gespeicherten Daten,<\/span><\/h6><\/li><li><h6><span style=\"color: #333333;\">Einschr\u00e4nkung der Datenverarbeitung, sofern wir Ihre Daten aufgrund gesetzlicher Pflichten noch nicht l\u00f6schen d\u00fcrfen,<\/span><\/h6><\/li><li><h6><span style=\"color: #333333;\">Widerspruch gegen die Verarbeitung Ihrer Daten bei uns und<\/span><\/h6><\/li><li><h6><span style=\"color: #333333;\">Daten\u00fcbertragbarkeit, sofern Sie in die Datenverarbeitung eingewilligt haben oder einen Vertrag mit uns abgeschlossen haben.<\/span><\/h6><\/li><\/ul><h6><span style=\"color: #333333;\">Sofern Sie uns eine Einwilligung erteilt haben, k\u00f6nnen Sie diese jederzeit mit Wirkung f\u00fcr die Zukunft widerrufen.<\/span><\/h6><h6><span style=\"color: #333333;\">Sie k\u00f6nnen sich jederzeit mit einer Beschwerde an die f\u00fcr Sie zust\u00e4ndige Aufsichtsbeh\u00f6rde wenden. Ihre zust\u00e4ndige Aufsichtsbeh\u00f6rde richtet sich nach dem Bundesland Ihres Wohnsitzes, Ihrer Arbeit oder der mutma\u00dflichen Verletzung. Eine Liste der Aufsichtsbeh\u00f6rden (f\u00fcr den nicht\u00f6ffentlichen Bereich) mit Anschrift finden Sie unter:\u00a0<a style=\"color: #333333;\" href=\"https:\/\/www.bfdi.bund.de\/DE\/Infothek\/Anschriften_Links\/anschriften_links-node.html\">https:\/\/www.bfdi.bund.de\/DE\/Infothek\/Anschriften_Links\/anschriften_links-node.html<\/a>.<\/span><\/h6><h6><span style=\"color: #333333;\"><strong>ZWECKE DER DATENVERARBEITUNG DURCH DIE VERANTWORTLICHE STELLE UND DRITTE<\/strong><\/span><br \/><span style=\"color: #333333;\">Wir verarbeiten Ihre personenbezogenen Daten nur zu den in dieser Datenschutzerkl\u00e4rung genannten Zwecken. Eine \u00dcbermittlung Ihrer pers\u00f6nlichen Daten an Dritte zu anderen als den genannten Zwecken findet nicht statt. Wir geben Ihre pers\u00f6nlichen Daten nur an Dritte weiter, wenn:<\/span><\/h6><ul><li><h6><span style=\"color: #333333;\">Sie Ihre ausdr\u00fcckliche Einwilligung dazu erteilt haben,<\/span><\/h6><\/li><li><h6><span style=\"color: #333333;\">die Verarbeitung zur Abwicklung eines Vertrags mit Ihnen erforderlich ist,<\/span><\/h6><\/li><li><h6><span style=\"color: #333333;\">die Verarbeitung zur Erf\u00fcllung einer rechtlichen Verpflichtung erforderlich ist,<\/span><\/h6><\/li><li><h6><span style=\"color: #333333;\">die Verarbeitung zur Wahrung berechtigter Interessen erforderlich ist und kein Grund zur Annahme besteht, dass Sie ein \u00fcberwiegendes schutzw\u00fcrdiges Interesse an der Nichtweitergabe Ihrer Daten haben.<\/span><\/h6><\/li><\/ul><h6><span style=\"color: #333333;\"><strong>L\u00d6SCHUNG BZW. SPERRUNG DER DATEN<\/strong><\/span><br \/><span style=\"color: #333333;\">Wir halten uns an die Grunds\u00e4tze der Datenvermeidung und Datensparsamkeit. Wir speichern Ihre personenbezogenen Daten daher nur so lange, wie dies zur Erreichung der hier genannten Zwecke erforderlich ist oder wie es die vom Gesetzgeber vorgesehenen vielf\u00e4ltigen Speicherfristen vorsehen. Nach Fortfall des jeweiligen Zweckes bzw. Ablauf dieser Fristen werden die entsprechenden Daten routinem\u00e4\u00dfig und entsprechend den gesetzlichen Vorschriften gesperrt oder gel\u00f6scht.<\/span><\/h6><h6><span style=\"color: #333333;\"><strong>\u00c4NDERUNG UNSERER DATENSCHUTZBESTIMMUNGEN<\/strong><\/span><br \/><span style=\"color: #333333;\">Wir behalten uns vor, diese Datenschutzerkl\u00e4rung anzupassen, damit sie stets den aktuellen rechtlichen Anforderungen entspricht oder um \u00c4nderungen unserer Leistungen in der Datenschutzerkl\u00e4rung umzusetzen, z.B. bei der Einf\u00fchrung neuer Services. F\u00fcr Ihren erneuten Besuch gilt dann die neue Datenschutzerkl\u00e4rung.<\/span><\/h6><h6><span style=\"color: #333333;\"><strong><br \/>FRAGEN AN DEN DATENSCHUTZBEAUFTRAGTEN<\/strong><\/span><br \/><span style=\"color: #333333;\">Wenn Sie Fragen zum Datenschutz haben, schreiben Sie uns bitte eine E-Mail oder wenden Sie sich direkt an die f\u00fcr den Datenschutz verantwortliche Person in unserer Organisation:<\/span><\/h6><h6><span style=\"color: #333333;\">sd@deldindesign.de<\/span><\/h6><h6><span style=\"color: #333333;\">Die Datenschutzerkl\u00e4rung wurde mit dem\u00a0<a style=\"color: #333333;\" href=\"https:\/\/www.activemind.de\/datenschutz\/datenschutzhinweis-generator\/\">Datenschutzerkl\u00e4rungs-Generator der activeMind AG erstellt<\/a>.<\/span><\/h6><p>\u00a0<\/p><hr \/><h6>\u00a0<\/h6><h6>\u00a0<\/h6>\t\t\t\t\t\t\t\t<\/div>\n\t\t\t\t<\/div>\n\t\t\t\t\t<\/div>\n\t\t<\/div>\n\t\t\t\t\t<\/div>\n\t\t<\/section>\n\t\t\t\t<\/div>\n\t\t","protected":false},"excerpt":{"rendered":"<p>DATENSCHUTZERKL\u00c4RUNGVerantwortliche Stelle im Sinne der Datenschutzgesetze, insbesondere der EU-Datenschutzgrundverordnung (DSGVO), ist:Susanne Del Din IHRE BETROFFENENRECHTEUnter den angegebenen Kontaktdaten unseres Datenschutzbeauftragten k\u00f6nnen Sie jederzeit folgende Rechte aus\u00fcben: Auskunft \u00fcber Ihre bei uns gespeicherten Daten und deren Verarbeitung, Berichtigung unrichtiger personenbezogener Daten, L\u00f6schung Ihrer bei uns gespeicherten [&hellip;]<\/p>\n","protected":false},"author":1,"featured_media":0,"parent":0,"menu_order":0,"comment_status":"closed","ping_status":"closed","template":"","meta":{"footnotes":""},"class_list":["post-1018","page","type-page","status-publish","hentry"],"yoast_head":"<!-- This site is optimized with the Yoast SEO plugin v27.4 - https:\/\/yoast.com\/product\/yoast-seo-wordpress\/ -->\n<title>Datenschutz - del din design del din design<\/title>\n<meta name=\"robots\" content=\"index, follow, max-snippet:-1, max-image-preview:large, max-video-preview:-1\" \/>\n<link rel=\"canonical\" href=\"https:\/\/deldindesign.de\/index.php\/datenschutz\/\" \/>\n<meta property=\"og:locale\" content=\"de_DE\" \/>\n<meta property=\"og:type\" content=\"article\" \/>\n<meta property=\"og:title\" content=\"Datenschutz - del din design del din design\" \/>\n<meta property=\"og:description\" content=\"DATENSCHUTZERKL\u00c4RUNGVerantwortliche Stelle im Sinne der Datenschutzgesetze, insbesondere der EU-Datenschutzgrundverordnung (DSGVO), ist:Susanne Del Din IHRE BETROFFENENRECHTEUnter den angegebenen Kontaktdaten unseres Datenschutzbeauftragten k\u00f6nnen Sie jederzeit folgende Rechte aus\u00fcben: Auskunft \u00fcber Ihre bei uns gespeicherten Daten und deren Verarbeitung, Berichtigung unrichtiger personenbezogener Daten, L\u00f6schung Ihrer bei uns gespeicherten [&hellip;]\" \/>\n<meta property=\"og:url\" content=\"https:\/\/deldindesign.de\/index.php\/datenschutz\/\" \/>\n<meta property=\"og:site_name\" content=\"del din design\" \/>\n<meta property=\"article:modified_time\" content=\"2020-02-11T11:37:54+00:00\" \/>\n<meta name=\"twitter:card\" content=\"summary_large_image\" \/>\n<meta name=\"twitter:label1\" content=\"Gesch\u00e4tzte Lesezeit\" \/>\n\t<meta name=\"twitter:data1\" content=\"2\u00a0Minuten\" \/>\n<script type=\"application\/ld+json\" class=\"yoast-schema-graph\">{\"@context\":\"https:\\\/\\\/schema.org\",\"@graph\":[{\"@type\":\"WebPage\",\"@id\":\"https:\\\/\\\/deldindesign.de\\\/index.php\\\/datenschutz\\\/\",\"url\":\"https:\\\/\\\/deldindesign.de\\\/index.php\\\/datenschutz\\\/\",\"name\":\"Datenschutz - del din design del din design\",\"isPartOf\":{\"@id\":\"https:\\\/\\\/deldindesign.de\\\/#website\"},\"datePublished\":\"2020-02-03T11:44:58+00:00\",\"dateModified\":\"2020-02-11T11:37:54+00:00\",\"breadcrumb\":{\"@id\":\"https:\\\/\\\/deldindesign.de\\\/index.php\\\/datenschutz\\\/#breadcrumb\"},\"inLanguage\":\"de\",\"potentialAction\":[{\"@type\":\"ReadAction\",\"target\":[\"https:\\\/\\\/deldindesign.de\\\/index.php\\\/datenschutz\\\/\"]}]},{\"@type\":\"BreadcrumbList\",\"@id\":\"https:\\\/\\\/deldindesign.de\\\/index.php\\\/datenschutz\\\/#breadcrumb\",\"itemListElement\":[{\"@type\":\"ListItem\",\"position\":1,\"name\":\"Startseite\",\"item\":\"https:\\\/\\\/deldindesign.de\\\/\"},{\"@type\":\"ListItem\",\"position\":2,\"name\":\"Datenschutz\"}]},{\"@type\":\"WebSite\",\"@id\":\"https:\\\/\\\/deldindesign.de\\\/#website\",\"url\":\"https:\\\/\\\/deldindesign.de\\\/\",\"name\":\"del din design\",\"description\":\"Agentur f\u00fcr Kommunikationsdesign\",\"publisher\":{\"@id\":\"https:\\\/\\\/deldindesign.de\\\/#\\\/schema\\\/person\\\/58991c77e781cd3e8c254d59ed6d4e59\"},\"potentialAction\":[{\"@type\":\"SearchAction\",\"target\":{\"@type\":\"EntryPoint\",\"urlTemplate\":\"https:\\\/\\\/deldindesign.de\\\/?s={search_term_string}\"},\"query-input\":{\"@type\":\"PropertyValueSpecification\",\"valueRequired\":true,\"valueName\":\"search_term_string\"}}],\"inLanguage\":\"de\"},{\"@type\":[\"Person\",\"Organization\"],\"@id\":\"https:\\\/\\\/deldindesign.de\\\/#\\\/schema\\\/person\\\/58991c77e781cd3e8c254d59ed6d4e59\",\"name\":\"deldindesign\",\"logo\":{\"@id\":\"https:\\\/\\\/deldindesign.de\\\/#\\\/schema\\\/person\\\/image\\\/\"}}]}<\/script>\n<!-- \/ Yoast SEO plugin. -->","yoast_head_json":{"title":"Datenschutz - del din design del din design","robots":{"index":"index","follow":"follow","max-snippet":"max-snippet:-1","max-image-preview":"max-image-preview:large","max-video-preview":"max-video-preview:-1"},"canonical":"https:\/\/deldindesign.de\/index.php\/datenschutz\/","og_locale":"de_DE","og_type":"article","og_title":"Datenschutz - del din design del din design","og_description":"DATENSCHUTZERKL\u00c4RUNGVerantwortliche Stelle im Sinne der Datenschutzgesetze, insbesondere der EU-Datenschutzgrundverordnung (DSGVO), ist:Susanne Del Din IHRE BETROFFENENRECHTEUnter den angegebenen Kontaktdaten unseres Datenschutzbeauftragten k\u00f6nnen Sie jederzeit folgende Rechte aus\u00fcben: Auskunft \u00fcber Ihre bei uns gespeicherten Daten und deren Verarbeitung, Berichtigung unrichtiger personenbezogener Daten, L\u00f6schung Ihrer bei uns gespeicherten [&hellip;]","og_url":"https:\/\/deldindesign.de\/index.php\/datenschutz\/","og_site_name":"del din design","article_modified_time":"2020-02-11T11:37:54+00:00","twitter_card":"summary_large_image","twitter_misc":{"Gesch\u00e4tzte Lesezeit":"2\u00a0Minuten"},"schema":{"@context":"https:\/\/schema.org","@graph":[{"@type":"WebPage","@id":"https:\/\/deldindesign.de\/index.php\/datenschutz\/","url":"https:\/\/deldindesign.de\/index.php\/datenschutz\/","name":"Datenschutz - del din design del din design","isPartOf":{"@id":"https:\/\/deldindesign.de\/#website"},"datePublished":"2020-02-03T11:44:58+00:00","dateModified":"2020-02-11T11:37:54+00:00","breadcrumb":{"@id":"https:\/\/deldindesign.de\/index.php\/datenschutz\/#breadcrumb"},"inLanguage":"de","potentialAction":[{"@type":"ReadAction","target":["https:\/\/deldindesign.de\/index.php\/datenschutz\/"]}]},{"@type":"BreadcrumbList","@id":"https:\/\/deldindesign.de\/index.php\/datenschutz\/#breadcrumb","itemListElement":[{"@type":"ListItem","position":1,"name":"Startseite","item":"https:\/\/deldindesign.de\/"},{"@type":"ListItem","position":2,"name":"Datenschutz"}]},{"@type":"WebSite","@id":"https:\/\/deldindesign.de\/#website","url":"https:\/\/deldindesign.de\/","name":"del din design","description":"Agentur f\u00fcr Kommunikationsdesign","publisher":{"@id":"https:\/\/deldindesign.de\/#\/schema\/person\/58991c77e781cd3e8c254d59ed6d4e59"},"potentialAction":[{"@type":"SearchAction","target":{"@type":"EntryPoint","urlTemplate":"https:\/\/deldindesign.de\/?s={search_term_string}"},"query-input":{"@type":"PropertyValueSpecification","valueRequired":true,"valueName":"search_term_string"}}],"inLanguage":"de"},{"@type":["Person","Organization"],"@id":"https:\/\/deldindesign.de\/#\/schema\/person\/58991c77e781cd3e8c254d59ed6d4e59","name":"deldindesign","logo":{"@id":"https:\/\/deldindesign.de\/#\/schema\/person\/image\/"}}]}},"_links":{"self":[{"href":"https:\/\/deldindesign.de\/index.php\/wp-json\/wp\/v2\/pages\/1018","targetHints":{"allow":["GET"]}}],"collection":[{"href":"https:\/\/deldindesign.de\/index.php\/wp-json\/wp\/v2\/pages"}],"about":[{"href":"https:\/\/deldindesign.de\/index.php\/wp-json\/wp\/v2\/types\/page"}],"author":[{"embeddable":true,"href":"https:\/\/deldindesign.de\/index.php\/wp-json\/wp\/v2\/users\/1"}],"replies":[{"embeddable":true,"href":"https:\/\/deldindesign.de\/index.php\/wp-json\/wp\/v2\/comments?post=1018"}],"version-history":[{"count":0,"href":"https:\/\/deldindesign.de\/index.php\/wp-json\/wp\/v2\/pages\/1018\/revisions"}],"wp:attachment":[{"href":"https:\/\/deldindesign.de\/index.php\/wp-json\/wp\/v2\/media?parent=1018"}],"curies":[{"name":"wp","href":"https:\/\/api.w.org\/{rel}","templated":true}]}}